{"id":6005,"date":"2024-11-07T08:34:02","date_gmt":"2024-11-07T08:34:02","guid":{"rendered":"https:\/\/palazzocitterio.org\/the-education-department\/"},"modified":"2025-06-04T16:25:08","modified_gmt":"2025-06-04T16:25:08","slug":"the-education-department","status":"publish","type":"page","link":"https:\/\/palazzocitterio.org\/en\/learn\/the-education-department\/","title":{"rendered":"The Education Department"},"content":{"rendered":"\n<div class=\"wp-block-group alignfull ingressi-wrapper padding vertical-padding is-layout-flow wp-block-group-is-layout-flow\">\n<div class=\"wp-block-group alignwide is-layout-flow wp-block-group-is-layout-flow\">\n<div class=\"wp-block-columns is-layout-flex wp-container-core-columns-is-layout-9d6595d7 wp-block-columns-is-layout-flex\">\n<div class=\"wp-block-column is-layout-flow wp-block-column-is-layout-flow\" style=\"flex-basis:33.33%\">\n<h1 class=\"wp-block-heading\" id=\"h-servizi-educativi\">Servizi educativi<\/h1>\n<\/div>\n\n\n\n<div class=\"wp-block-column is-layout-flow wp-block-column-is-layout-flow\" style=\"flex-basis:66.66%\">\n<p class=\"big\"><strong>Qual \u00e8 il nostro ruolo?<br\/><\/strong>Crediamo che il Museo sia un luogo di crescita culturale, scoperta, confronto, integrazione e inclusione sociale. Lo immaginiamo aperto alla citt\u00e0 e al mondo. Vogliamo che sia per tutti un posto piacevole e gioioso: un luogo di cui innamorarsi.<br\/>Esiste un diritto al patrimonio culturale, che va conquistato abbattendo tutte le barriere, visibili e invisibili. Lo affermano sia l\u2019articolo 9 della Costituzione italiana che la Dichiarazione Universale dei Diritti dell\u2019Uomo.<br\/>Noi dei servizi educativi della Pinacoteca di Brera lavoriamo per aprire le porte del museo, per renderlo accessibile al pi\u00f9 ampio numero possibile di persone.<br\/><br\/><strong>Cosa facciamo?<br\/><\/strong>Proponiamo \u2013 per adulti, bambini, gruppi, singoli e famiglie \u2013 visite, laboratori e strumenti per scoprire il museo in autonomia.<br\/>Proponiamo visite e laboratori rivolti alle scuole di ogni ordine e grado e un corso di aggiornamento per insegnanti.<br\/>Cerchiamo strade sempre nuove per mettere il visitatore al centro del museo e aprire il museo al mondo!<br\/><br\/><strong>Chi siamo?<br\/><\/strong>I servizi educativi della Pinacoteca di Brera sono formati da tre diverse realt\u00e0 che lavorano in sinergia:<\/p>\n\n\n\n<p class=\"big\">\u2013 i Servizi Educativi interni<br\/>\u2013 la Sezione Didattica dell\u2019Associazione Amici di Brera<br\/>\u2013 il concessionario Civita Mostre e Musei.<\/p>\n<\/div>\n<\/div>\n\n\n\n<div class=\"wp-block-columns is-layout-flex wp-container-core-columns-is-layout-057de54d wp-block-columns-is-layout-flex\" style=\"margin-top:var(--wp--preset--spacing--50)\">\n<div class=\"wp-block-column is-layout-flow wp-block-column-is-layout-flow\" style=\"flex-basis:33.33%\"><\/div>\n\n\n\n<div class=\"wp-block-column is-layout-flow wp-block-column-is-layout-flow\" style=\"flex-basis:66.66%\">\n<figure class=\"wp-block-image size-large\"><img decoding=\"async\" src=\"https:\/\/palazzocitterio.org\/wp-content\/uploads\/2024\/12\/MCA_Palazzo-Citterio_&#xA9;Walter-Vecchio-12-1024x576.jpg\" alt=\"Palazzo Citterio - Foto Walter Vecchio\" class=\"wp-image-5617\"\/><figcaption class=\"wp-element-caption\">Palazzo Citterio \u00a9 Walter Vecchio<\/figcaption><\/figure>\n<\/div>\n<\/div>\n\n\n\n<div class=\"wp-block-columns is-layout-flex wp-container-core-columns-is-layout-057de54d wp-block-columns-is-layout-flex\" style=\"margin-top:var(--wp--preset--spacing--50)\">\n<div class=\"wp-block-column is-layout-flow wp-block-column-is-layout-flow\" style=\"flex-basis:33.33%\"><\/div>\n\n\n\n<div class=\"wp-block-column is-layout-flow wp-block-column-is-layout-flow\" style=\"flex-basis:66.66%\">\n<h3 class=\"wp-block-heading\" id=\"h-i-servizi-educativi-interni\">I Servizi Educativi Interni<\/h3>\n\n\n\n<p style=\"margin-top:var(--wp--preset--spacing--40)\">Il personale dei Servizi Educativi interni lavora per valorizzare il museo come ambiente educativo dotato di proprie specifiche caratteristiche e per renderlo accessibile al pi\u00f9 ampio numero possibile di persone.\u200b<br\/>La squadra, composta da personale interno qualificato della Pinacoteca di Brera:\u200b<br\/>&#8211; si impegna affinch\u00e9 le attivit\u00e0 didattiche proposte dal museo siano tutte espressione della filosofia di Brera e favoriscano il confronto tra i diversi punti di vista di fronte alle opere d\u2019arte.<br\/>&#8211; organizza laboratori e percorsi gratuiti, compresi nel prezzo del biglietto d\u2019ingresso, rivolti ad adulti, bambini e famiglie;\u200b<br\/>&#8211; realizza strumenti e materiali, anche in collaborazione con professionisti esterni, per consentire ai visitatori di scoprire e approfondire le opere della Pinacoteca in completa autonomia, cercando di andare incontro alle esigenze pi\u00f9 varie;\u200b<br\/>&#8211; collabora con enti e associazioni all&#8217;elaborazione di progetti a supporto di specifiche condizioni di disabilit\u00e0 e volti al superamento di barriere cognitive e sensoriali.<\/p>\n<\/div>\n<\/div>\n\n\n\n<div class=\"wp-block-columns is-layout-flex wp-container-core-columns-is-layout-3784d9d3 wp-block-columns-is-layout-flex\" style=\"margin-top:var(--wp--preset--spacing--60)\">\n<div class=\"wp-block-column is-layout-flow wp-block-column-is-layout-flow\" style=\"flex-basis:33.33%\"><\/div>\n\n\n\n<div class=\"wp-block-column is-layout-flow wp-block-column-is-layout-flow\" style=\"flex-basis:66.66%\">\n<h3 class=\"wp-block-heading\" id=\"h-la-sezione-didattica-dell-associazione-amici-di-brera\">La Sezione Didattica dell&#8217;Associazione Amici di Brera<\/h3>\n\n\n\n<p style=\"margin-top:var(--wp--preset--spacing--40)\">L\u2019Associazione Amici di Brera e dei Musei Milanesi, fondata nel 1926 per sostenere la Pinacoteca di Brera e diffondere la conoscenza del patrimonio artistico, promuove percorsi rivolti ad ogni tipo di pubblico con attenzione alle diverse necessit\u00e0 e alle pi\u00f9 attuali esigenze.<\/p>\n\n\n\n<h5 class=\"wp-block-heading\" id=\"h-per-ogni-ordine-e-scuola\" style=\"margin-top:var(--wp--preset--spacing--40)\">PER OGNI ORDINE E SCUOLA:<\/h5>\n\n\n\n<p style=\"margin-top:var(--wp--preset--spacing--40)\"><strong>SCUOLA DELL\u2019INFANZIA: <\/strong>percorsi di visite guidate ludiche in Pinacoteca, alla scoperta del luogo \u201cmuseo\u201d integrate da un laboratorio tematico appositamente progettato per accompagnare la meraviglia della conoscenza al conoscere-facendo. Per i singoli percorsi: visita il sito www.amicidibrera.org.<br\/><strong>SCUOLA PRIMARIA E SECONDARIA: <\/strong>un ampio spettro di offerte tematiche\/curricolari entro le quali il docente possa scegliere la proposta pi\u00f9 adatta. Le visite guidate, interattive e dinamiche, sempre con molteplici spunti interdisciplinari, permettono un incontro diretto con l\u2019opera d\u2019arte coadiuvato da supporto didattico fornito a ciascun allievo. Per i singoli percorsi: visita il sito www.amicidibrera.org.<br\/><strong>LICEI E GLI ISTITUTI SUPERIORI: <\/strong>oltre a sensibilizzare gli studenti al rispetto del patrimonio culturale ed alla sua conoscenza, i percorsi offrono gli strumenti per comprendere il fenomeno artistico nelle sue varie articolazioni, utilizzando conoscenze e competenze. Per i singoli percorsi: visita il sito www.amicidibrera.org.<br\/><strong>CORSO D\u2019AGGIORNAMENTO \u201cIL MUSEO, UNA RISORSA PER LA SCUOLA\u201d: <\/strong>da 17 anni l\u2019Associazione sostiene il corso d\u2019aggiornamento rivolto agli insegnanti delle scuole secondarie inferiori e superiori, riconosciuto dal MIUR, Piattaforma Sofia. Il corso ed il materiale in distribuzione sono completamente gratuiti e le lezioni sono tenute da esperti di storia dell\u2019arte e di didattica. (con inscrizione di 15\u20ac all\u2019Associazione). Per il programma del corso: visita il sito visita il sito www.amicidibrera.org.<\/p>\n\n\n\n<h5 class=\"wp-block-heading\" id=\"h-per-gli-adulti\" style=\"margin-top:var(--wp--preset--spacing--50)\">PER GLI ADULTI<\/h5>\n\n\n\n<p style=\"margin-top:var(--wp--preset--spacing--40)\">le visite guidate a Brera sono condotte dalle nostre esperte in lingua italiana \u2013 inglese \u2013 francese \u2013 tedesco e spagnolo, con una vasta gamma di proposte su richiesta: capolavori, visite tematiche, focus di approfondimento per opere, autori e temi su richiesta del pubblico.<\/p>\n\n\n\n<p style=\"margin-top:var(--wp--preset--spacing--40)\"><strong>Per informazioni e prenotazioni:<\/strong><br\/>tel. +39 02 867354 (da luned\u00ec a venerd\u00ec 9.30-18.30)<br\/><a href=\"mailto:didattica@amicidibrera.org\">didattica@amicidibrera.org<\/a><br\/><a href=\"https:\/\/amicidibrera.org\/\" target=\"_blank\" rel=\"noreferrer noopener\">www.amicidibrera.org<\/a><\/p>\n<\/div>\n<\/div>\n\n\n\n<div class=\"wp-block-columns is-layout-flex wp-container-core-columns-is-layout-3784d9d3 wp-block-columns-is-layout-flex\" style=\"margin-top:var(--wp--preset--spacing--60)\">\n<div class=\"wp-block-column is-layout-flow wp-block-column-is-layout-flow\" style=\"flex-basis:33.33%\"><\/div>\n\n\n\n<div class=\"wp-block-column is-layout-flow wp-block-column-is-layout-flow\" style=\"flex-basis:66.66%\">\n<h3 class=\"wp-block-heading\" id=\"h-il-concessionario-civita-mostre-e-musei\">Il concessionario Civita Mostre e Musei<\/h3>\n\n\n\n<p style=\"margin-top:var(--wp--preset--spacing--40)\">Civita Mostre e Musei propone al pubblico organizzato e ai singoli visitatori l\u2019opportunit\u00e0 di visitare la Pinacoteca con percorsi guidati tematici coinvolgenti e diversificati.<br\/>La collezione potr\u00e0 essere esplorata in un unico appuntamento, focalizzandosi sui capolavori o facendosi guidare da un particolare taglio tematico, oppure in pi\u00f9 incontri analizzando di volta in volta le diverse sfaccettature di un patrimonio storico e artistico di grande ricchezza.<br\/><strong>PER GRUPPI ORGANIZZATI: <\/strong>associazioni culturali, aziende, turisti organizzati o gruppi di amici potranno scegliere la visita guidata che fa per loro tra quelle presenti nell\u2019offerta Civita e organizzare la propria visita per il giorno e l\u2019orario preferito, oltre che richiederla per i propri eventi in orario straordinario.<br\/><strong>PER SCUOLE:<\/strong> le classi di ogni ordine e grado troveranno nell\u2019offerta didattica Civita percorsi interdisciplinari di approfondimento che puntano ad analizzare molteplici aspetti della collezione collegandosi ai piani di studio nazionali e incoraggiando la partecipazione attiva degli studenti, anche con l\u2019impiego di diversi materiali di supporto. Facendo leva sul divertimento, sulla sensorialit\u00e0, sulla manualit\u00e0 la visita sar\u00e0 uno stimolo alla creativit\u00e0 e all\u2019interazione con gli altri.<br\/>In attesa di poter tornare a svolgere le uscite didattiche, le scuole potranno prenotare anche incontri online propedeutici alla visita in museo.<\/p>\n\n\n\n<p><strong>PER SINGOLI VISITATORI: <\/strong>per i visitatori individuali, adulti, giovani e famiglie con bambini, sar\u00e0 possibile partecipare a visite e attivit\u00e0 guidate, iscrivendosi ad appuntamenti dedicati che verranno calendarizzati mensilmente. Saranno l\u2019occasione per visitare la collezione in maniera sempre nuova e stimolante e vivere un\u2019esperienza culturale in compagnia.<br\/><\/p>\n\n\n\n<p><strong>Per informazioni:<\/strong><br\/><a href=\"mailto:didatticabrera@civita.art\">didatticabrera@civita.art<\/a><br\/><a href=\"https:\/\/www.civita.it\/\" target=\"_blank\" rel=\"noreferrer noopener\">www.civita.it<\/a><br\/><br\/><strong>Per prenotare:<br\/><\/strong>tel. +39 02 72105141<br\/><a href=\"mailto:pinacotecadibrera@operalaboratori.com\">pinacotecadibrera@operalaboratori.com<\/a><\/p>\n<\/div>\n<\/div>\n<\/div>\n<\/div>\n\n<div class=\"wp-block-group alignfull links-wrapper padding is-layout-flow wp-block-group-is-layout-flow\">\n<div class=\"wp-block-group alignwide is-layout-flow wp-block-group-is-layout-flow\">\n<div class=\"wp-block-columns is-layout-flex wp-container-core-columns-is-layout-9d6595d7 wp-block-columns-is-layout-flex\">\n<div class=\"wp-block-column left is-layout-flow wp-block-column-is-layout-flow\">\n<h4 class=\"wp-block-heading\" id=\"h-servizi-educativi-interni\" style=\"margin-bottom:var(--wp--preset--spacing--40)\">Servizi Educativi Interni<\/h4>\n\n\n\n<p style=\"margin-bottom:var(--wp--preset--spacing--40)\"><strong><strong>Responsabile<\/strong><br\/><\/strong>Sofia Incarbone<br\/><a href=\"mailto:sofia.incarbone@cultura.gov.it\">sofia.incarbone@cultura.gov.it<\/a><\/p>\n\n\n\n<p><strong><strong>Segreteria ufficio<\/strong><br\/><\/strong><a href=\"mailto:educazione@pinacotecabrera.org\">educazione@pinacotecabrera.org<\/a><\/p>\n<\/div>\n\n\n\n<div class=\"wp-block-column right is-layout-flow wp-block-column-is-layout-flow\">\n<h4 class=\"wp-block-heading\" id=\"h-sezione-didattica-associazione-amici-di-brera\" style=\"margin-bottom:var(--wp--preset--spacing--40)\">Sezione Didattica Associazione Amici di Brera<\/h4>\n\n\n\n<p style=\"margin-bottom:var(--wp--preset--spacing--60)\"><strong>Per informazioni e prenotazioni:<\/strong><br\/>tel. +39 02 867354 (da luned\u00ec a venerd\u00ec 9.30-18.30)<br\/><a href=\"mailto:didattica@amicidibrera.org\">didattica@amicidibrera.org<\/a><br\/><a href=\"https:\/\/amicidibrera.org\/\" target=\"_blank\" rel=\"noreferrer noopener\">www.amicidibrera.org<\/a><\/p>\n\n\n\n<h4 class=\"wp-block-heading\" style=\"margin-bottom:var(--wp--preset--spacing--40)\">Civita Mostre e Musei<\/h4>\n\n\n\n<p><strong><strong>Per informazioni:<\/strong><\/strong><br\/><a href=\"mailto:didatticabrera@civita.art\">didatticabrera@civita.art<\/a><br\/><a href=\"https:\/\/www.civita.it\/\" target=\"_blank\" rel=\"noreferrer noopener\">www.civita.it<\/a><br\/><br\/><strong><strong><strong>Per prenotare:<\/strong><\/strong><\/strong><br\/>tel. +39 02 72105141<br\/><a href=\"mailto:pinacotecadibrera@operalaboratori.com\">pinacotecadibrera@operalaboratori.com<\/a><\/p>\n<\/div>\n<\/div>\n<\/div>\n<\/div>\n","protected":false},"excerpt":{"rendered":"<p>Servizi educativi Qual \u00e8 il nostro ruolo?Crediamo che il Museo sia un luogo di crescita culturale, scoperta, confronto, integrazione e inclusione sociale. Lo immaginiamo aperto alla citt\u00e0 e al mondo. Vogliamo che sia per tutti un posto piacevole e gioioso: un luogo di cui innamorarsi.Esiste un diritto al patrimonio culturale, che va conquistato abbattendo tutte &hellip; <a href=\"https:\/\/palazzocitterio.org\/en\/learn\/the-education-department\/\">Continued<\/a><\/p>\n","protected":false},"author":2,"featured_media":0,"parent":6010,"menu_order":0,"comment_status":"closed","ping_status":"closed","template":"","meta":{"_acf_changed":false,"footnotes":""},"class_list":["post-6005","page","type-page","status-publish","hentry"],"acf":[],"yoast_head":"<!-- This site is optimized with the Yoast SEO Premium plugin v26.5 (Yoast SEO v26.5) - https:\/\/yoast.com\/wordpress\/plugins\/seo\/ -->\n<title>The Education Department | Palazzo Citterio<\/title>\n<meta name=\"robots\" content=\"index, follow, max-snippet:-1, max-image-preview:large, max-video-preview:-1\" \/>\n<link rel=\"canonical\" href=\"https:\/\/palazzocitterio.org\/en\/the-education-department\/\" \/>\n<meta property=\"og:locale\" content=\"en_US\" \/>\n<meta property=\"og:type\" content=\"article\" \/>\n<meta property=\"og:title\" content=\"The Education Department | Palazzo Citterio\" \/>\n<meta property=\"og:description\" content=\"Servizi educativi Qual \u00e8 il nostro ruolo?Crediamo che il Museo sia un luogo di crescita culturale, scoperta, confronto, integrazione e inclusione sociale. Lo immaginiamo aperto alla citt\u00e0 e al mondo. Vogliamo che sia per tutti un posto piacevole e gioioso: un luogo di cui innamorarsi.Esiste un diritto al patrimonio culturale, che va conquistato abbattendo tutte &hellip; Continued\" \/>\n<meta property=\"og:url\" content=\"https:\/\/palazzocitterio.org\/en\/the-education-department\/\" \/>\n<meta property=\"og:site_name\" content=\"Palazzo Citterio\" \/>\n<meta property=\"article:publisher\" content=\"https:\/\/www.facebook.com\/profile.php?id=61566829379672\" \/>\n<meta property=\"article:modified_time\" content=\"2025-06-04T16:25:08+00:00\" \/>\n<meta property=\"og:image\" content=\"https:\/\/palazzocitterio.org\/wp-content\/uploads\/2024\/12\/MCA_Palazzo-Citterio_&#xA9;Walter-Vecchio-12-1024x576.jpg\" \/>\n<meta name=\"twitter:card\" content=\"summary_large_image\" \/>\n<meta name=\"twitter:title\" content=\"The Education Department\" \/>\n<meta name=\"twitter:label1\" content=\"Est. reading time\" \/>\n\t<meta name=\"twitter:data1\" content=\"6 minutes\" \/>\n<script type=\"application\/ld+json\" class=\"yoast-schema-graph\">{\"@context\":\"https:\/\/schema.org\",\"@graph\":[{\"@type\":\"WebPage\",\"@id\":\"https:\/\/palazzocitterio.org\/en\/the-education-department\/\",\"url\":\"https:\/\/palazzocitterio.org\/en\/the-education-department\/\",\"name\":\"The Education Department | Palazzo Citterio\",\"isPartOf\":{\"@id\":\"https:\/\/palazzocitterio.org\/#website\"},\"primaryImageOfPage\":{\"@id\":\"https:\/\/palazzocitterio.org\/en\/the-education-department\/#primaryimage\"},\"image\":{\"@id\":\"https:\/\/palazzocitterio.org\/en\/the-education-department\/#primaryimage\"},\"thumbnailUrl\":\"https:\/\/palazzocitterio.org\/wp-content\/uploads\/2024\/12\/MCA_Palazzo-Citterio_&#xA9;Walter-Vecchio-12-1024x576.jpg\",\"datePublished\":\"2024-11-07T08:34:02+00:00\",\"dateModified\":\"2025-06-04T16:25:08+00:00\",\"breadcrumb\":{\"@id\":\"https:\/\/palazzocitterio.org\/en\/the-education-department\/#breadcrumb\"},\"inLanguage\":\"en-US\",\"potentialAction\":[{\"@type\":\"ReadAction\",\"target\":[\"https:\/\/palazzocitterio.org\/en\/the-education-department\/\"]}]},{\"@type\":\"ImageObject\",\"inLanguage\":\"en-US\",\"@id\":\"https:\/\/palazzocitterio.org\/en\/the-education-department\/#primaryimage\",\"url\":\"https:\/\/palazzocitterio.org\/wp-content\/uploads\/2024\/12\/MCA_Palazzo-Citterio_&#xA9;Walter-Vecchio-12-1024x576.jpg\",\"contentUrl\":\"https:\/\/palazzocitterio.org\/wp-content\/uploads\/2024\/12\/MCA_Palazzo-Citterio_&#xA9;Walter-Vecchio-12-1024x576.jpg\"},{\"@type\":\"BreadcrumbList\",\"@id\":\"https:\/\/palazzocitterio.org\/en\/the-education-department\/#breadcrumb\",\"itemListElement\":[{\"@type\":\"ListItem\",\"position\":1,\"name\":\"Home\",\"item\":\"https:\/\/palazzocitterio.org\/en\/\"},{\"@type\":\"ListItem\",\"position\":2,\"name\":\"The Education Department\"}]},{\"@type\":\"WebSite\",\"@id\":\"https:\/\/palazzocitterio.org\/#website\",\"url\":\"https:\/\/palazzocitterio.org\/\",\"name\":\"Palazzo Citterio\",\"description\":\"Grande Brera\",\"publisher\":{\"@id\":\"https:\/\/palazzocitterio.org\/#organization\"},\"potentialAction\":[{\"@type\":\"SearchAction\",\"target\":{\"@type\":\"EntryPoint\",\"urlTemplate\":\"https:\/\/palazzocitterio.org\/?s={search_term_string}\"},\"query-input\":{\"@type\":\"PropertyValueSpecification\",\"valueRequired\":true,\"valueName\":\"search_term_string\"}}],\"inLanguage\":\"en-US\"},{\"@type\":\"Organization\",\"@id\":\"https:\/\/palazzocitterio.org\/#organization\",\"name\":\"Palazzo Citterio\",\"url\":\"https:\/\/palazzocitterio.org\/\",\"logo\":{\"@type\":\"ImageObject\",\"inLanguage\":\"en-US\",\"@id\":\"https:\/\/palazzocitterio.org\/#\/schema\/logo\/image\/\",\"url\":\"https:\/\/palazzocitterio.org\/wp-content\/uploads\/2024\/12\/Palazzo_Citterio-logo.jpg\",\"contentUrl\":\"https:\/\/palazzocitterio.org\/wp-content\/uploads\/2024\/12\/Palazzo_Citterio-logo.jpg\",\"width\":600,\"height\":600,\"caption\":\"Palazzo Citterio\"},\"image\":{\"@id\":\"https:\/\/palazzocitterio.org\/#\/schema\/logo\/image\/\"},\"sameAs\":[\"https:\/\/www.facebook.com\/profile.php?id=61566829379672\",\"https:\/\/www.instagram.com\/palazzocitterio.brera\/\"],\"description\":\"Palazzo Citterio, nel cuore della Grande Brera, ospita capolavori del Novecento, tra cui Boccioni e Picasso, e mostre di arte contemporanea.\",\"legalName\":\"Palazzo Citterio\",\"foundingDate\":\"2024-12-07\"}]}<\/script>\n<!-- \/ Yoast SEO Premium plugin. -->","yoast_head_json":{"title":"The Education Department | Palazzo Citterio","robots":{"index":"index","follow":"follow","max-snippet":"max-snippet:-1","max-image-preview":"max-image-preview:large","max-video-preview":"max-video-preview:-1"},"canonical":"https:\/\/palazzocitterio.org\/en\/the-education-department\/","og_locale":"en_US","og_type":"article","og_title":"The Education Department | Palazzo Citterio","og_description":"Servizi educativi Qual \u00e8 il nostro ruolo?Crediamo che il Museo sia un luogo di crescita culturale, scoperta, confronto, integrazione e inclusione sociale. Lo immaginiamo aperto alla citt\u00e0 e al mondo. Vogliamo che sia per tutti un posto piacevole e gioioso: un luogo di cui innamorarsi.Esiste un diritto al patrimonio culturale, che va conquistato abbattendo tutte &hellip; Continued","og_url":"https:\/\/palazzocitterio.org\/en\/the-education-department\/","og_site_name":"Palazzo Citterio","article_publisher":"https:\/\/www.facebook.com\/profile.php?id=61566829379672","article_modified_time":"2025-06-04T16:25:08+00:00","og_image":[{"url":"https:\/\/palazzocitterio.org\/wp-content\/uploads\/2024\/12\/MCA_Palazzo-Citterio_&#xA9;Walter-Vecchio-12-1024x576.jpg","type":"","width":"","height":""}],"twitter_card":"summary_large_image","twitter_title":"The Education Department","twitter_misc":{"Est. reading time":"6 minutes"},"schema":{"@context":"https:\/\/schema.org","@graph":[{"@type":"WebPage","@id":"https:\/\/palazzocitterio.org\/en\/the-education-department\/","url":"https:\/\/palazzocitterio.org\/en\/the-education-department\/","name":"The Education Department | Palazzo Citterio","isPartOf":{"@id":"https:\/\/palazzocitterio.org\/#website"},"primaryImageOfPage":{"@id":"https:\/\/palazzocitterio.org\/en\/the-education-department\/#primaryimage"},"image":{"@id":"https:\/\/palazzocitterio.org\/en\/the-education-department\/#primaryimage"},"thumbnailUrl":"https:\/\/palazzocitterio.org\/wp-content\/uploads\/2024\/12\/MCA_Palazzo-Citterio_&#xA9;Walter-Vecchio-12-1024x576.jpg","datePublished":"2024-11-07T08:34:02+00:00","dateModified":"2025-06-04T16:25:08+00:00","breadcrumb":{"@id":"https:\/\/palazzocitterio.org\/en\/the-education-department\/#breadcrumb"},"inLanguage":"en-US","potentialAction":[{"@type":"ReadAction","target":["https:\/\/palazzocitterio.org\/en\/the-education-department\/"]}]},{"@type":"ImageObject","inLanguage":"en-US","@id":"https:\/\/palazzocitterio.org\/en\/the-education-department\/#primaryimage","url":"https:\/\/palazzocitterio.org\/wp-content\/uploads\/2024\/12\/MCA_Palazzo-Citterio_&#xA9;Walter-Vecchio-12-1024x576.jpg","contentUrl":"https:\/\/palazzocitterio.org\/wp-content\/uploads\/2024\/12\/MCA_Palazzo-Citterio_&#xA9;Walter-Vecchio-12-1024x576.jpg"},{"@type":"BreadcrumbList","@id":"https:\/\/palazzocitterio.org\/en\/the-education-department\/#breadcrumb","itemListElement":[{"@type":"ListItem","position":1,"name":"Home","item":"https:\/\/palazzocitterio.org\/en\/"},{"@type":"ListItem","position":2,"name":"The Education Department"}]},{"@type":"WebSite","@id":"https:\/\/palazzocitterio.org\/#website","url":"https:\/\/palazzocitterio.org\/","name":"Palazzo Citterio","description":"Grande Brera","publisher":{"@id":"https:\/\/palazzocitterio.org\/#organization"},"potentialAction":[{"@type":"SearchAction","target":{"@type":"EntryPoint","urlTemplate":"https:\/\/palazzocitterio.org\/?s={search_term_string}"},"query-input":{"@type":"PropertyValueSpecification","valueRequired":true,"valueName":"search_term_string"}}],"inLanguage":"en-US"},{"@type":"Organization","@id":"https:\/\/palazzocitterio.org\/#organization","name":"Palazzo Citterio","url":"https:\/\/palazzocitterio.org\/","logo":{"@type":"ImageObject","inLanguage":"en-US","@id":"https:\/\/palazzocitterio.org\/#\/schema\/logo\/image\/","url":"https:\/\/palazzocitterio.org\/wp-content\/uploads\/2024\/12\/Palazzo_Citterio-logo.jpg","contentUrl":"https:\/\/palazzocitterio.org\/wp-content\/uploads\/2024\/12\/Palazzo_Citterio-logo.jpg","width":600,"height":600,"caption":"Palazzo Citterio"},"image":{"@id":"https:\/\/palazzocitterio.org\/#\/schema\/logo\/image\/"},"sameAs":["https:\/\/www.facebook.com\/profile.php?id=61566829379672","https:\/\/www.instagram.com\/palazzocitterio.brera\/"],"description":"Palazzo Citterio, nel cuore della Grande Brera, ospita capolavori del Novecento, tra cui Boccioni e Picasso, e mostre di arte contemporanea.","legalName":"Palazzo Citterio","foundingDate":"2024-12-07"}]}},"_links":{"self":[{"href":"https:\/\/palazzocitterio.org\/en\/wp-json\/wp\/v2\/pages\/6005","targetHints":{"allow":["GET"]}}],"collection":[{"href":"https:\/\/palazzocitterio.org\/en\/wp-json\/wp\/v2\/pages"}],"about":[{"href":"https:\/\/palazzocitterio.org\/en\/wp-json\/wp\/v2\/types\/page"}],"author":[{"embeddable":true,"href":"https:\/\/palazzocitterio.org\/en\/wp-json\/wp\/v2\/users\/2"}],"replies":[{"embeddable":true,"href":"https:\/\/palazzocitterio.org\/en\/wp-json\/wp\/v2\/comments?post=6005"}],"version-history":[{"count":1,"href":"https:\/\/palazzocitterio.org\/en\/wp-json\/wp\/v2\/pages\/6005\/revisions"}],"predecessor-version":[{"id":6008,"href":"https:\/\/palazzocitterio.org\/en\/wp-json\/wp\/v2\/pages\/6005\/revisions\/6008"}],"up":[{"embeddable":true,"href":"https:\/\/palazzocitterio.org\/en\/wp-json\/wp\/v2\/pages\/6010"}],"wp:attachment":[{"href":"https:\/\/palazzocitterio.org\/en\/wp-json\/wp\/v2\/media?parent=6005"}],"curies":[{"name":"wp","href":"https:\/\/api.w.org\/{rel}","templated":true}]}}